{"version":"1.0","provider_name":"Culinartz","provider_url":"https:\/\/culinartz.cafeblog.hu","author_name":"MESIKE","author_url":"https:\/\/culinartz.cafeblog.hu\/author\/culinartz\/","title":"Erdei gy\u00fcm\u00f6lcs\u00f6s pitty-putty","html":"Egyszer\u0171en nem b\u00edrok ellen\u00e1llni a piacokon megjelent gy\u00fcm\u00f6lcs\u00f6knek, z\u00f6lds\u00e9geknek.\n\nTem\u00e9rdek sz\u00edn, hatalmas illatkavalk\u00e1d \u00e9s id\u00e9n valahogy az \u00edzek is hasonl\u00f3ak a r\u00e9gi igazi gy\u00fcm\u00f6lcs \u00edzekre. Vagy csak az teszi, hogy lecser\u00e9ltem a beszerz\u00e9si forr\u00e1st \u00e9s v\u00e1llalva olykor a cipel\u00e9st v\u00e1ltottam hiperr\u0151l a termel\u0151ire. Mit mondjak \u00e9letemben ritk\u00e1n hozok j\u00f3 d\u00f6nt\u00e9st, ez most annak t\u0171nik. Nagyon.\n\nHazafel\u00e9 m\u00e9g nem tudtam mit teszek ennyi finoms\u00e1ggal annak ellen\u00e9re, hogy a <em>mindent egyszerre behabzsolni v\u00e1gy<\/em> egyre ink\u00e1bb hatalmasodott rajtam.\n\nNem volt m\u00e1s v\u00e1laszt\u00e1s, r\u00f6gt\u00f6n neki l\u00e1ttam.\n\n<a href=\"http:\/\/culinartz.com\/erdei-gyumolcsos-pitty-putty\/img_4469\/\" rel=\"attachment wp-att-1050\"><img class=\"aligncenter size-full wp-image-1050\" title=\"pitty-putty\" src=\"https:\/\/culinartz.cafeblog.hu\/files\/2012\/07\/IMG_44691.jpg\" alt=\"\" width=\"3888\" height=\"2592\" \/><\/a>\n\nKb. 12 dkg liszt,\n\n1 ek cukor,\n\ncsipet s\u00f3, 1 kk s\u00fct\u0151por, csipet sz\u00f3dabikarb\u00f3na \u00a0egy t\u00e1lban \u00f6sszekevertem.\n\nHozz\u00e1adtam 25 g vajat \u00e9s \u00a03 ek tejf\u00f6lt majd az eg\u00e9szet \u00f6sszegy\u00fartam \u00e9s f\u00e9lretettem.\n\nEgy barackot megh\u00e1moztam apr\u00f3 kock\u00e1kra v\u00e1gtam, hozz\u00e1adtam feketeribizlit, \u00e1fony\u00e1t, szedert \u00e9s m\u00e1ln\u00e1t - nem m\u00e9rtem le, annyit \u00e9ppen amennyivel egy kb 25 cm \u00e1tm\u00e9r\u0151j\u0171 s\u00fct\u0151forma alj\u00e1t el tudok takarni.\n\nHozz\u00e1kevertem 4 ek cukrot, 2 ek kem\u00e9ny\u00edt\u0151t bele\u00f6nt\u00f6ttem a t\u0171z\u00e1ll\u00f3 t\u00e1lba, majd a t\u00e9szt\u00e1b\u00f3l di\u00f3nyi goly\u00f3kat alkottam \u00e9s belehelyeztem a gy\u00fcl\u00f6lcs k\u00f6zep\u00e9be, kicsit meglapogattam \u00e9s betoltam az eg\u00e9szet kb f\u00e9l \u00f3r\u00e1ra 190 fokos s\u00fct\u0151be.\n\n<a href=\"http:\/\/culinartz.com\/erdei-gyumolcsos-pitty-putty\/img_4476\/\" rel=\"attachment wp-att-1051\"><img class=\"aligncenter size-full wp-image-1051\" title=\"pitty-putty\" src=\"https:\/\/culinartz.cafeblog.hu\/files\/2012\/07\/IMG_44761.jpg\" alt=\"\" width=\"3888\" height=\"2592\" \/><\/a>\n\nFantasztikus illatok szabadultak fel a konyh\u00e1ba!\n\nGyakorlatilag amolyan kekszes egybe s\u00fclt lekv\u00e1r ami nem kicsit fergeteges, mennyei, fens\u00e9ges, isteni!\n\n<a href=\"http:\/\/culinartz.com\/erdei-gyumolcsos-pitty-putty\/img_4499\/\" rel=\"attachment wp-att-1052\"><img class=\"aligncenter size-large wp-image-1052\" title=\"IMG_4499\" src=\"https:\/\/culinartz.cafeblog.hu\/files\/2012\/07\/IMG_4499-1024x682.jpg\" alt=\"\" width=\"600\" height=\"399\" \/><\/a>","type":"rich","thumbnail_url":"https:\/\/culinartz.cafeblog.hu\/files\/2012\/07\/IMG_4499-150x150.jpg","thumbnail_width":150,"thumbnail_height":150}